{"id":3,"date":"2025-07-25T15:55:42","date_gmt":"2025-07-25T15:55:42","guid":{"rendered":"https:\/\/www.terapeutik.sk\/?page_id=3"},"modified":"2025-07-26T13:29:23","modified_gmt":"2025-07-26T13:29:23","slug":"privacy-policy","status":"publish","type":"page","link":"https:\/\/www.terapeutik.sk\/en\/privacy-policy","title":{"rendered":"Privacy Policy"},"content":{"rendered":"<p class=\"is-style-text-subtitle has-large-font-size is-style-text-subtitle--1\">Z\u00e1sady ochrany osobn\u00fdch \u00fadajov<\/p>\n\n\n\n<p class=\"has-medium-font-size\">Pri poskytovan\u00ed slu\u017eieb si d\u00f4sledne v\u00e1\u017eime a chr\u00e1nime s\u00fakromie v\u0161etk\u00fdch dotknut\u00fdch os\u00f4b, bez oh\u013eadu na to, \u010di osobn\u00e9 \u00fadaje sprac\u00favame sami alebo prostredn\u00edctvom in\u00fdch str\u00e1n. Na\u0161ou prioritou je, aby ste jasne rozumeli tomu, ak\u00e9 osobn\u00e9 \u00fadaje sprac\u00favame, na ak\u00fd \u00fa\u010del a ak\u00e9 s\u00fa Va\u0161e pr\u00e1va.<\/p>\n\n\n\n<p class=\"has-medium-font-size\">Preto V\u00e1s \u017eiadame, aby ste si pre\u010d\u00edtali tieto Z\u00e1sady ochrany osobn\u00fdch \u00fadajov, ktor\u00e9 obsahuj\u00fa podrobn\u00e9 inform\u00e1cie o sprac\u00favan\u00ed Va\u0161ich \u00fadajov.<\/p>\n\n\n\n<p class=\"is-style-text-subtitle has-large-font-size is-style-text-subtitle--2\">Prev\u00e1dzkovate\u013e osobn\u00fdch \u00fadajov<\/p>\n\n\n\n<p class=\"has-medium-font-size\">Prev\u00e1dzkovate\u013eom osobn\u00fdch \u00fadajov je:<br><strong>MUDr. Igor Kundr\u00e1t<\/strong><br>so s\u00eddlom: Kupeck\u00e9ho 5, 821 08 Bratislava<br>I\u010cO: 34 375 031<br>E-mail: <a href=\"mailto:office@terapeutik.sk\">office@terapeutik.sk<\/a><\/p>\n\n\n\n<p class=\"is-style-text-subtitle has-large-font-size is-style-text-subtitle--3\"><br>\u00da\u010dely sprac\u00favania osobn\u00fdch \u00fadajov<\/p>\n\n\n\n<p class=\"has-medium-font-size\">Va\u0161e osobn\u00e9 \u00fadaje m\u00f4\u017eeme sprac\u00fava\u0165 v r\u00f4znych s\u00favislostiach:<\/p>\n\n\n\n<ul class=\"wp-block-list has-medium-font-size\">\n<li>ako pacient pri poskytovan\u00ed zdravotnej starostlivosti pod\u013ea osobitn\u00fdch predpisov (napr. z\u00e1kon \u010d. 576\/2004 Z.z. o zdravotnej starostlivosti),<\/li>\n\n\n\n<li>ako klient pri poskytovan\u00ed poradensk\u00fdch alebo konzulta\u010dn\u00fdch slu\u017eieb mimo zdravotn\u00edckej oblasti,<\/li>\n\n\n\n<li>ako dod\u00e1vate\u013e alebo obchodn\u00fd partner pri be\u017enej zmluvnej komunik\u00e1cii,<\/li>\n\n\n\n<li>ako n\u00e1v\u0161tevn\u00edk webovej str\u00e1nky, najm\u00e4 v s\u00favislosti so spracovan\u00edm cookies a kontaktn\u00e9ho formul\u00e1ra.<\/li>\n<\/ul>\n\n\n\n<p class=\"is-style-text-subtitle has-large-font-size is-style-text-subtitle--4\"><br>Z\u00e1sady sprac\u00favania<\/p>\n\n\n\n<ul class=\"wp-block-list has-medium-font-size\">\n<li>Osobn\u00e9 \u00fadaje sprac\u00favame v s\u00falade s platn\u00fdmi pr\u00e1vnymi predpismi, najm\u00e4 s Nariaden\u00edm (E\u00da) 2016\/679 (GDPR) a z\u00e1konom \u010d. 18\/2018 Z.z. o ochrane osobn\u00fdch \u00fadajov.<\/li>\n\n\n\n<li>\u00dadaje s\u00fa sprac\u00favan\u00e9 v nevyhnutnom rozsahu a v\u00fdlu\u010dne za \u00fa\u010delom, na ktor\u00fd boli poskytnut\u00e9.<\/li>\n\n\n\n<li>Osobn\u00e9 \u00fadaje nepred\u00e1vame, nekomercializujeme a nespr\u00edstup\u0148ujeme neopr\u00e1vnen\u00fdm osob\u00e1m.<\/li>\n<\/ul>\n\n\n\n<p class=\"is-style-text-subtitle has-large-font-size is-style-text-subtitle--5\"><br>Pr\u00e1va dotknut\u00fdch os\u00f4b<\/p>\n\n\n\n<p class=\"is-style-default has-medium-font-size\">M\u00e1te pr\u00e1vo:<\/p>\n\n\n\n<ul class=\"wp-block-list\">\n<li class=\"has-medium-font-size\">na pr\u00edstup k svojim osobn\u00fdm \u00fadajom,<\/li>\n\n\n\n<li class=\"has-medium-font-size\">na opravu, vymazanie alebo obmedzenie sprac\u00favania,<\/li>\n\n\n\n<li class=\"has-medium-font-size\">namieta\u0165 proti sprac\u00favaniu,<\/li>\n\n\n\n<li class=\"has-medium-font-size\">na prenos \u00fadajov (v pr\u00edpadoch stanoven\u00fdch GDPR),<\/li>\n\n\n\n<li class=\"has-medium-font-size\">poda\u0165 s\u0165a\u017enos\u0165 na \u00darad na ochranu osobn\u00fdch \u00fadajov SR.<\/li>\n<\/ul>\n\n\n\n<p class=\"is-style-text-subtitle has-large-font-size is-style-text-subtitle--6\"><br>Cookies a webov\u00e1 str\u00e1nka<\/p>\n\n\n\n<p class=\"has-medium-font-size\">Podrobn\u00e9 inform\u00e1cie o pou\u017e\u00edvan\u00ed s\u00faborov cookies n\u00e1jdete v sekcii \u201e<a href=\"https:\/\/www.terapeutik.sk\/en\/web-a-cookies\/\" data-type=\"page\" data-id=\"103\">Web a Cookies<\/a>\u201c.<\/p>\n\n\n\n<p class=\"is-style-text-subtitle has-large-font-size is-style-text-subtitle--7\"><br>Aktualiz\u00e1cie z\u00e1sad<\/p>\n\n\n\n<p class=\"has-medium-font-size\">Tieto z\u00e1sady m\u00f4\u017eeme pr\u00edle\u017eitostne upravova\u0165 alebo aktualizova\u0165 bez predch\u00e1dzaj\u00faceho upozornenia. Aktu\u00e1lna verzia bola zverejnen\u00e1 d\u0148a 1. 8. 2025.<br><\/p>\n\n\n\n<p class=\"is-style-text-subtitle has-large-font-size is-style-text-subtitle--8\">Contact<\/p>\n\n\n\n<p class=\"is-style-default has-medium-font-size\">Ak m\u00e1te ot\u00e1zky t\u00fdkaj\u00face sa sprac\u00favania osobn\u00fdch \u00fadajov, chcete uplatni\u0165 svoje pr\u00e1va alebo nahl\u00e1si\u0165 podozrenie na poru\u0161enie ochrany \u00fadajov, m\u00f4\u017eete n\u00e1s kontaktova\u0165:<\/p>\n\n\n\n<ul class=\"wp-block-list is-style-default has-medium-font-size\">\n<li>E-mailom na adrese: <a href=\"mailto:office@terapeutik.sk\">office@terapeutik.sk<\/a><\/li>\n\n\n\n<li>P\u00edsomne na adresu uveden\u00fa v sekcii <a href=\"https:\/\/www.terapeutik.sk\/en\/kontakt\/\" data-type=\"page\" data-id=\"17\">Contact<\/a> na na\u0161ej webovej str\u00e1nke<\/li>\n<\/ul>\n\n\n\n<p><\/p>","protected":false},"excerpt":{"rendered":"<p>Z\u00e1sady ochrany osobn\u00fdch \u00fadajov Pri poskytovan\u00ed slu\u017eieb si d\u00f4sledne v\u00e1\u017eime a chr\u00e1nime s\u00fakromie v\u0161etk\u00fdch dotknut\u00fdch os\u00f4b, bez oh\u013eadu na to, \u010di osobn\u00e9 \u00fadaje sprac\u00favame sami alebo prostredn\u00edctvom in\u00fdch str\u00e1n. Na\u0161ou prioritou je, aby ste jasne rozumeli tomu, ak\u00e9 osobn\u00e9 \u00fadaje sprac\u00favame, na ak\u00fd \u00fa\u010del a ak\u00e9 s\u00fa Va\u0161e pr\u00e1va. Preto V\u00e1s \u017eiadame, aby ste si [&hellip;]<\/p>","protected":false},"author":1,"featured_media":0,"parent":0,"menu_order":0,"comment_status":"closed","ping_status":"closed","template":"","meta":{"footnotes":""},"class_list":["post-3","page","type-page","status-publish","hentry"],"_links":{"self":[{"href":"https:\/\/www.terapeutik.sk\/en\/wp-json\/wp\/v2\/pages\/3","targetHints":{"allow":["GET"]}}],"collection":[{"href":"https:\/\/www.terapeutik.sk\/en\/wp-json\/wp\/v2\/pages"}],"about":[{"href":"https:\/\/www.terapeutik.sk\/en\/wp-json\/wp\/v2\/types\/page"}],"author":[{"embeddable":true,"href":"https:\/\/www.terapeutik.sk\/en\/wp-json\/wp\/v2\/users\/1"}],"replies":[{"embeddable":true,"href":"https:\/\/www.terapeutik.sk\/en\/wp-json\/wp\/v2\/comments?post=3"}],"version-history":[{"count":0,"href":"https:\/\/www.terapeutik.sk\/en\/wp-json\/wp\/v2\/pages\/3\/revisions"}],"wp:attachment":[{"href":"https:\/\/www.terapeutik.sk\/en\/wp-json\/wp\/v2\/media?parent=3"}],"curies":[{"name":"wp","href":"https:\/\/api.w.org\/{rel}","templated":true}]}}