{"id":205,"date":"2025-08-01T06:54:21","date_gmt":"2025-08-01T06:54:21","guid":{"rendered":"https:\/\/www.terapeutik.sk\/?page_id=205"},"modified":"2025-08-23T13:47:29","modified_gmt":"2025-08-23T13:47:29","slug":"profesny-zivotopis","status":"publish","type":"page","link":"https:\/\/www.terapeutik.sk\/en\/profesny-zivotopis","title":{"rendered":"Profesijn\u00fd \u017eivotopis"},"content":{"rendered":"<div class=\"wp-block-group alignfull has-global-padding is-layout-constrained wp-container-core-group-is-layout-0c9c989a wp-block-group-is-layout-constrained\" style=\"min-height:0vh;margin-top:0;margin-bottom:0;padding-top:var(--wp--preset--spacing--70);padding-right:var(--wp--preset--spacing--40);padding-bottom:var(--wp--preset--spacing--70);padding-left:var(--wp--preset--spacing--40)\">\n<div class=\"wp-block-group has-global-padding is-layout-constrained wp-container-core-group-is-layout-346627ba wp-block-group-is-layout-constrained\">\n<h2 class=\"wp-block-heading\"><strong>MUDr. Igor Kundr\u00e1t<\/strong><\/h2>\n\n\n\n<p class=\"is-style-default has-accent-3-color has-accent-5-background-color has-text-color has-background has-link-color has-medium-font-size wp-elements-537b9907f03a1a43eca94f2fd7ae67f9\" style=\"border-width:1px\">Psychiater a ISTDP psychoterapeut. Dr\u017eite\u013e licencie Slovenskej lek\u00e1rskej komory na v\u00fdkon zdravotn\u00edckej praxe v povolan\u00ed psychiater a psychoterapeut.<\/p>\n\n\n\n<p><strong>Vzdelanie<\/strong><\/p>\n\n\n\n<figure class=\"wp-block-table is-style-stripes has-medium-font-size\"><table style=\"border-style:none;border-width:0px\"><tbody><tr><td>2021<\/td><td>Certifik\u00e1t o absolvovan\u00ed z\u00e1kladn\u00e9ho komplexn\u00e9ho v\u00fdcviku v ISTDP (Laboratorium Psychoedukacji, Var\u0161ava; ISTDP Institute, Washington D.C., USA)<\/td><\/tr><tr><td>2018<\/td><td>Eur\u00f3psky certifik\u00e1t psychoterapie (Eur\u00f3pska asoci\u00e1cia psychoterapie)<\/td><\/tr><tr><td>2013<\/td><td>Zaradenie do Zoznamu psychoterapeutov SR (Slovensk\u00e1 psychoterapeutick\u00e1 spolo\u010dnos\u0165)<\/td><\/tr><tr><td>2013<\/td><td>Certifik\u00e1t o absolvovan\u00ed z\u00e1vere\u010dnej sk\u00fa\u0161ky v\u00fdcviku v psychodynamickej psychoterapii<br>(Slovensk\u00fd in\u0161tit\u00fat pre vzdel\u00e1vanie v psychoterapii, Bratislava)<\/td><\/tr><tr><td>2001<\/td><td>Atest\u00e1cia I. stup\u0148a zo psychiatrie<br>(Slovensk\u00e1 postgradu\u00e1lna akad\u00e9mia medic\u00edny, Bratislava)<\/td><\/tr><tr><td>1998<\/td><td>Ukon\u010den\u00e9 \u0161t\u00fadium medic\u00edny (Lek\u00e1rska fakulta UPJ\u0160 Ko\u0161ice, odbor V\u0161eobecn\u00e9 lek\u00e1rstvo)<\/td><\/tr><\/tbody><\/table><\/figure>\n\n\n\n<p><strong>V\u00fdcvik v oblasti psychoterapie a psychiatrie<\/strong><\/p>\n\n\n\n<figure class=\"wp-block-table is-style-stripes has-medium-font-size\"><table><tbody><tr><td>2023 \u2013 s\u00fa\u010dasnos\u0165<\/td><td>Tr\u00e9ning tr\u00e9nerov a superv\u00edzorov v intenz\u00edvnej kr\u00e1tkodobej dynamickej psychoterapii; J. Frederickson, ISTDP Institute, Washington D.C., USA<\/td><\/tr><tr><td>2021 \u2013 s\u00fa\u010dasnos\u0165<\/td><td>Pokro\u010dil\u00e9 vzdel\u00e1vanie v intenz\u00edvnej kr\u00e1tkodobej dynamickej psychoterapii (J. Frederickson, A. Abbass)<\/td><\/tr><tr><td>2018 \u2013 2021<\/td><td>3-ro\u010dn\u00fd komplexn\u00fd v\u00fdcvik v intenz\u00edvnej kr\u00e1tkodobej psychodynamickej psychoterapii (ISTDP) pod z\u00e1\u0161titou ISTDP Institute, Washington D.C., USA<\/td><\/tr><tr><td>2012<\/td><td>\u00davodn\u00fd kurz v intenz\u00edvnej kr\u00e1tkodobej psychodynamickej psychoterapii pod\u013ea D. Davanloo; APA Annual Meeting 2012, Philadelphia, USA<\/td><\/tr><tr><td>2008 \u2013 2011<\/td><td>Teoretick\u00fd a superv\u00edzny modul v psychodynamickej psychoterapii pod veden\u00edm Slovensk\u00e9ho in\u0161tit\u00fatu psychodynamickej psychoterapie, Bratislava<\/td><\/tr><tr><td>2008 \u2013 2011<\/td><td>Sebask\u00fasenostn\u00fd v\u00fdcvik a individu\u00e1lna cvi\u010dn\u00e1 prax v katat\u00fdmne-imaginat\u00edvnej psychoterapii pod veden\u00edm Slovenskej spolo\u010dnosti pre katat\u00fdmne-imaginat\u00edvnu psychoterapiu, Bratislava<\/td><\/tr><tr><td>2004<\/td><td>V\u00fdcvik v autog\u00e9nnom tr\u00e9ningu pod veden\u00edm Slovensk\u00e9ho in\u0161tit\u00fatu psychodynamickej psychoterapie, Bratislava<\/td><\/tr><tr><td>2003<\/td><td>3. Maudsley f\u00f3rum \u2013 kurz pre v\u00fdskumne orientovan\u00fdch psychiatrov, Institute of Psychiatry at The Maudsley, Lond\u00fdn, Spojen\u00e9 Kr\u00e1\u013eovstvo<\/td><\/tr><tr><td>2003<\/td><td>Salzbursk\u00fd semin\u00e1r pre psychiatrov pod z\u00e1\u0161titou Weill Medical College of Cornell University, Salzburg, Rak\u00fasko<\/td><\/tr><tr><td>2000 \u2013 2004<\/td><td>Sebask\u00fasenostn\u00fd v\u00fdcvik v psychodynamickej psychoterapii skupinovou formou pod veden\u00edm Slovensk\u00e9ho in\u0161tit\u00fatu psychodynamickej psychoterapie, Bratislava<br><\/td><\/tr><\/tbody><\/table><\/figure>\n\n\n\n<p><strong>Odborn\u00e1 prax<\/strong><\/p>\n\n\n\n<figure class=\"wp-block-table is-style-stripes has-medium-font-size\"><table><tbody><tr><td>2025 &#8211; s\u00fa\u010dasnos\u0165<\/td><td>S\u00fakromn\u00e1 psychoterapeutick\u00e1 a psychiatrick\u00e1 prax pre dospel\u00fdch (ne\u0161t\u00e1tna ambulancia Kupeck\u00e9ho 5, Bratislava)<\/td><\/tr><tr><td>2019 &#8211; 2025<\/td><td>Psychiater, psychoterapeut, odborn\u00fd z\u00e1stupca a riadite\u013e pre odborn\u00fa \u010dinnos\u0165 a eduk\u00e1ciu<br>(Centrum emo\u010dn\u00e9ho zdravia a eduk\u00e1cie, Hr\u010dkov\u00e1 &amp; Kundr\u00e1t s.r.o., Bratislava)<\/td><\/tr><tr><td>2017 &#8211; s\u00fa\u010dasnos\u0165<\/td><td>Cvi\u010dn\u00fd terapeut a lektor vo v\u00fdcviku v psychodynamickej psychoterapii pod veden\u00edm Slovensk\u00e9ho in\u0161tit\u00fatu psychodynamickej psychoterapie, Bratislava<\/td><\/tr><tr><td>2014 \u2013 2019<\/td><td>S\u00fakromn\u00e1 psychoterapeutick\u00e1 a psychiatrick\u00e1 prax pre dospel\u00fdch (ne\u0161t\u00e1tna ambulancia, Poliklinika \u0160ustekova, Bratislava)<\/td><\/tr><tr><td>2009 \u2013 2012<\/td><td>Ambulantn\u00fd psychiater a psychoterapeut v ne\u0161t\u00e1tnom zariaden\u00ed Spirare, Bratislava<\/td><\/tr><tr><td>2007 \u2013 2017<\/td><td>Medic\u00ednsky poradca a mana\u017e\u00e9r pre psychofarmakologick\u00e9 a hematoonkologick\u00e9 portf\u00f3lio v oblasti farmaceutick\u00e9ho priemyslu<\/td><\/tr><tr><td>1998 \u2013 2005<\/td><td>Odborn\u00e1 prax na Psychiatrickom oddelen\u00ed FN L. Pasteura v Ko\u0161iciach (Oddelenie pre dospel\u00fdch, Detsk\u00e9 oddelenie) a  Centre pre lie\u010dbu drogov\u00fdch z\u00e1vislosti v Ko\u0161iciach<br>Doplnkov\u00e9 vzdelanie<\/td><\/tr><tr><td>2012<\/td><td>Pokro\u010dil\u00fd kurz bio\u0161tatistiky (Vienna School of Clinical Research, Viede\u0148, Rak\u00fasko)<\/td><\/tr><tr><td>2009<\/td><td>\u00davod do klinickej epidemiol\u00f3gie (Vienna School of Clinical Research, Viede\u0148, Rak\u00fasko)<\/td><\/tr><tr><td>2007<\/td><td>\u00davod do bio\u0161tatistiky v klinickom v\u00fdskume (Vienna School of Clinical Research, Viede\u0148, Rak\u00fasko)<\/td><\/tr><\/tbody><\/table><\/figure>\n\n\n\n<p><strong>\u010clenstvo v odborn\u00fdch organiz\u00e1ci\u00e1ch<\/strong><\/p>\n\n\n\n<p class=\"has-medium-font-size\"><a href=\"http:\/\/www.istdp.sk\">Slovensk\u00e1 spolo\u010dnos\u0165 pre ISTDP (SSISTDP)<\/a><br><a href=\"https:\/\/psychoterapeuti.org\/sps\/stranka\/zdruzenie-vybor\">Slovensk\u00e1 psychoterapeutick\u00e1 spolo\u010dnos\u0165 (SPS)<\/a><br><a href=\"https:\/\/sippka.sk\/o_nas\">Slovensk\u00fd in\u0161tit\u00fat pre psychodynamick\u00fa psychoterapiu (SIPP)<\/a><br>Slovensk\u00e1 psychiatrick\u00e1 spolo\u010dnos\u0165 (SPsS)<br>Slovensk\u00e1 lek\u00e1rska komora (SLK)<br><a href=\"http:\/\/iedta.net\">International Experiential Dynamic Therapy Association (IEDTA)<\/a><\/p>\n\n\n\n<figure class=\"wp-block-table is-style-stripes has-medium-font-size\"><table><tbody><tr><td>2023 \u2013 s\u00fa\u010dasnos\u0165<\/td><td>Zakladaj\u00faci \u010dlen a predseda V\u00fdboru Slovenskej spolo\u010dnosti pre ISTDP<\/td><\/tr><tr><td>2022 \u2013 s\u00fa\u010dasnos\u0165<\/td><td>Podpredseda V\u00fdboru SPS a deleg\u00e1t SPS v Eur\u00f3pskej asoci\u00e1cii pre psychoterapiu<\/td><\/tr><tr><td>2021 &#8211; s\u00fa\u010dasnos\u0165<\/td><td>\u010clen V\u00fdkonnej rady Slovensk\u00e9ho in\u0161tit\u00fatu pre psychodynamick\u00fa psychoterapiu (SIPP)<\/td><\/tr><tr><td>2017 \u2013 2022<\/td><td>\u010clen V\u00fdboru SPS a deleg\u00e1t SPS v Eur\u00f3pskej asoci\u00e1cii pre psychoterapiu (EAP)<\/td><\/tr><tr><td>2012 \u2013 2017<\/td><td>\u010clen Disciplin\u00e1rnej komisie SPS<\/td><\/tr><\/tbody><\/table><\/figure>\n<\/div>\n<\/div>\n\n\n\n<p><\/p>","protected":false},"excerpt":{"rendered":"<p>MUDr. Igor Kundr\u00e1t Psychiater a ISTDP psychoterapeut. Dr\u017eite\u013e licencie Slovenskej lek\u00e1rskej komory na v\u00fdkon zdravotn\u00edckej praxe v povolan\u00ed psychiater a psychoterapeut. Vzdelanie 2021 Certifik\u00e1t o absolvovan\u00ed z\u00e1kladn\u00e9ho komplexn\u00e9ho v\u00fdcviku v ISTDP (Laboratorium Psychoedukacji, Var\u0161ava; ISTDP Institute, Washington D.C., USA) 2018 Eur\u00f3psky certifik\u00e1t psychoterapie (Eur\u00f3pska asoci\u00e1cia psychoterapie) 2013 Zaradenie do Zoznamu psychoterapeutov SR (Slovensk\u00e1 psychoterapeutick\u00e1 spolo\u010dnos\u0165) [&hellip;]<\/p>","protected":false},"author":1,"featured_media":0,"parent":0,"menu_order":0,"comment_status":"closed","ping_status":"closed","template":"","meta":{"footnotes":""},"class_list":["post-205","page","type-page","status-publish","hentry"],"_links":{"self":[{"href":"https:\/\/www.terapeutik.sk\/en\/wp-json\/wp\/v2\/pages\/205","targetHints":{"allow":["GET"]}}],"collection":[{"href":"https:\/\/www.terapeutik.sk\/en\/wp-json\/wp\/v2\/pages"}],"about":[{"href":"https:\/\/www.terapeutik.sk\/en\/wp-json\/wp\/v2\/types\/page"}],"author":[{"embeddable":true,"href":"https:\/\/www.terapeutik.sk\/en\/wp-json\/wp\/v2\/users\/1"}],"replies":[{"embeddable":true,"href":"https:\/\/www.terapeutik.sk\/en\/wp-json\/wp\/v2\/comments?post=205"}],"version-history":[{"count":0,"href":"https:\/\/www.terapeutik.sk\/en\/wp-json\/wp\/v2\/pages\/205\/revisions"}],"wp:attachment":[{"href":"https:\/\/www.terapeutik.sk\/en\/wp-json\/wp\/v2\/media?parent=205"}],"curies":[{"name":"wp","href":"https:\/\/api.w.org\/{rel}","templated":true}]}}